{"id":206,"date":"2021-02-17T22:54:14","date_gmt":"2021-02-17T22:54:14","guid":{"rendered":"https:\/\/todosplanosdesaude.com.br\/amil\/?page_id=206"},"modified":"2024-05-01T19:43:58","modified_gmt":"2024-05-01T19:43:58","slug":"plano-de-saude-empresarial","status":"publish","type":"page","link":"https:\/\/todosplanosdesaude.com.br\/amil\/plano-de-saude-empresarial\/","title":{"rendered":"Plano de Sa\u00fade Empresarial"},"content":{"rendered":"  <div id=\"page-header-1269350091\" class=\"page-header-wrapper\">\n  <div class=\"page-title hide-for-small dark featured-title\">\n\n    \n    <div class=\"page-title-inner container align-bottom text-center flex-row-col medium-flex-wrap\" >\n              <div class=\"title-wrapper uppercase flex-col\">\n          <h1 class=\"entry-title mb-0\">\n            PLANO DE SA\u00daDE EMPRESARIAL          <\/h1>\n        <\/div>\n                    <div class=\"title-content flex-col\">\n        <div class=\"title-breadcrumbs pb-half pt-half\"><\/div>      <\/div>\n    <\/div>\n\n     \n<style>\n#page-header-1269350091 .page-title-inner {\n  min-height: 0px;\n}\n#page-header-1269350091 {\n  margin-bottom: 0px;\n}\n<\/style>\n  <\/div>\n    <\/div>\n  \n\t<section class=\"section\" id=\"section_82511086\">\n\t\t<div class=\"bg section-bg fill bg-fill  bg-loaded\" >\n\n\t\t\t\n\t\t\t\n\t\t\t\n\n\t\t<\/div>\n\n\t\t<div class=\"section-content relative\">\n\t\t\t\n<div class=\"row align-middle\"  id=\"row-835646265\">\n\n\t<div id=\"col-1595347037\" class=\"col medium-6 small-12 large-6\"  >\n\t\t<div class=\"col-inner\"  >\n\t\t\t\n\t\t\t\n<div class=\"container section-title-container\" ><h3 class=\"section-title section-title-normal\"><b><\/b><span class=\"section-title-main\" >amil sa\u00fade empresarial<\/span><b><\/b><\/h3><\/div>\n<p>O Plano Amil Empresarial destina-se a empresas com CNPJ, fornecendo todos os planos com cobertura nacional, isen\u00e7\u00e3o de car\u00eancia e o mais vantajoso custo-benef\u00edcio do mercado, com servi\u00e7os exclusivos para empresas com mais de 29 pessoas, entre titulares e dependentes.<\/p>\n<p>Explore os planos da Amil Sa\u00fade especialmente projetados para atender \u00e0s demandas de sua empresa, diferenciando-se pelas op\u00e7\u00f5es de reembolso, rede credenciada, padr\u00e3o de interna\u00e7\u00e3o hospitalar e benef\u00edcios.<\/p>\n\t\t<\/div>\n\t\t\t<\/div>\n\n\t\n\n\t<div id=\"col-826408177\" class=\"col medium-6 small-12 large-6\"  >\n\t\t<div class=\"col-inner\"  >\n\t\t\t\n\t\t\t\n\t<div class=\"img has-hover x md-x lg-x y md-y lg-y\" id=\"image_2087433950\">\n\t\t\t\t\t\t\t\t<div class=\"img-inner image-cover dark\" style=\"padding-top:307px;\">\n\t\t\t<img loading=\"lazy\" decoding=\"async\" width=\"1020\" height=\"685\" src=\"https:\/\/todosplanosdesaude.com.br\/amil\/wp-content\/uploads\/2022\/04\/group-business-people-meeting2-1024x688.jpg\" class=\"attachment-large size-large\" alt=\"\" srcset=\"https:\/\/todosplanosdesaude.com.br\/amil\/wp-content\/uploads\/2022\/04\/group-business-people-meeting2-1024x688.jpg 1024w, https:\/\/todosplanosdesaude.com.br\/amil\/wp-content\/uploads\/2022\/04\/group-business-people-meeting2-300x202.jpg 300w, https:\/\/todosplanosdesaude.com.br\/amil\/wp-content\/uploads\/2022\/04\/group-business-people-meeting2-768x516.jpg 768w, https:\/\/todosplanosdesaude.com.br\/amil\/wp-content\/uploads\/2022\/04\/group-business-people-meeting2-1536x1033.jpg 1536w, https:\/\/todosplanosdesaude.com.br\/amil\/wp-content\/uploads\/2022\/04\/group-business-people-meeting2-2048x1377.jpg 2048w\" sizes=\"auto, (max-width: 1020px) 100vw, 1020px\" \/>\t\t\t\t\t\t\n\t\t\t\t\t<\/div>\n\t\t\t\t\t\t\t\t\n<style>\n#image_2087433950 {\n  width: 100%;\n}\n<\/style>\n\t<\/div>\n\t\n\t\t<\/div>\n\t\t\t<\/div>\n\n\t\n<\/div>\n<div class=\"row\"  id=\"row-930192907\">\n\n\t<div id=\"col-1292615875\" class=\"col medium-6 small-12 large-6\"  >\n\t\t<div class=\"col-inner\"  >\n\t\t\t\n\t\t\t\n<div class=\"container section-title-container\" ><h3 class=\"section-title section-title-normal\"><b><\/b><span class=\"section-title-main\" >conhe\u00e7a os planos<\/span><b><\/b><\/h3><\/div>\n\t<div class=\"img has-hover x md-x lg-x y md-y lg-y\" id=\"image_432319983\">\n\t\t\t\t\t\t\t\t<div class=\"img-inner dark\" >\n\t\t\t<img loading=\"lazy\" decoding=\"async\" width=\"1020\" height=\"555\" src=\"https:\/\/todosplanosdesaude.com.br\/amil\/wp-content\/uploads\/2021\/04\/tabela-planos-1-1024x557-1.png\" class=\"attachment-large size-large\" alt=\"\" srcset=\"https:\/\/todosplanosdesaude.com.br\/amil\/wp-content\/uploads\/2021\/04\/tabela-planos-1-1024x557-1.png 1024w, https:\/\/todosplanosdesaude.com.br\/amil\/wp-content\/uploads\/2021\/04\/tabela-planos-1-1024x557-1-300x163.png 300w, https:\/\/todosplanosdesaude.com.br\/amil\/wp-content\/uploads\/2021\/04\/tabela-planos-1-1024x557-1-768x418.png 768w\" sizes=\"auto, (max-width: 1020px) 100vw, 1020px\" \/>\t\t\t\t\t\t\n\t\t\t\t\t<\/div>\n\t\t\t\t\t\t\t\t\n<style>\n#image_432319983 {\n  width: 100%;\n}\n<\/style>\n\t<\/div>\n\t\n\t\t<\/div>\n\t\t\t<\/div>\n\n\t\n\n\t<div id=\"col-181181974\" class=\"col medium-6 small-12 large-6\"  >\n\t\t<div class=\"col-inner\"  >\n\t\t\t\n\t\t\t\n<div class=\"container section-title-container\" ><h3 class=\"section-title section-title-normal\"><b><\/b><span class=\"section-title-main\" >Modalidades de contrata\u00e7\u00e3o<\/span><b><\/b><\/h3><\/div>\n<p class=\"mb-20\"><strong>Hospitalar com Obstetr\u00edcia<\/strong><br \/>\u25aa Atendimento em Pronto Socorro (para urg\u00eancia e emerg\u00eancia);<br \/>\u25aa Cirurgias;<br \/>\u25aa Interna\u00e7\u00f5es hospitalares;<br \/>\u25aa Partos (inclui cobertura assistencial ao rec\u00e9m-nascido durante os primeiros 30 dias ap\u00f3s o parto).<\/p>\n<p class=\"mb-20\"><strong>Ambulatorial e Hospitalar com Obstetr\u00edcia<\/strong><br \/>\u25aa Consultas;<br \/>\u25aa Exames;<br \/>\u25aa Atendimento em Pronto Socorro;<br \/>\u25aa Cirurgias;<br \/>\u25aa Interna\u00e7\u00f5es hospitalares;<br \/>\u25aa Partos (inclui cobertura assistencial ao rec\u00e9m-nascido durante os primeiros 30 dias ap\u00f3s o parto)<\/p>\n<p><i class=\"icon-checkmark\"><\/i>\u00a0Consultas e exames exclusivamente para gestantes, em acompanhamento pr\u00e9-natal;<br \/><i class=\"icon-checkmark\"><\/i>\u00a0Procedimentos especiais necess\u00e1rios para continuidade da assist\u00eancia prestada em n\u00edvel de interna\u00e7\u00e3o hospitalar, como: Hemodi\u00e1lises, quimioterapias, radioterapias, fisioterapias entre outros.<\/p>\n\t\t<\/div>\n\t\t\t<\/div>\n\n\t\n<\/div>\n<div class=\"row align-middle\"  id=\"row-746163022\">\n\n\t<div id=\"col-1599968098\" class=\"col medium-6 small-12 large-6\"  >\n\t\t<div class=\"col-inner\"  >\n\t\t\t\n\t\t\t\n<div class=\"container section-title-container\" ><h3 class=\"section-title section-title-normal\"><b><\/b><span class=\"section-title-main\" >car\u00eancia<\/span><b><\/b><\/h3><\/div>\n<p>Na Amil Sa\u00fade, as regras de car\u00eancia variam de acordo com o n\u00famero de benefici\u00e1rios inclu\u00eddos no plano.<\/p>\n<p>Nos conv\u00eanios empresariais com mais de 29 pessoas, esse per\u00edodo \u00e9 isento, com exce\u00e7\u00e3o dos procedimentos de parto e condi\u00e7\u00f5es preexistentes, que seguem o prazo padr\u00e3o de car\u00eancia de 10 meses e 24 meses, respectivamente.<\/p>\n<p>Para planos com menos de 29 vidas, aplica-se o tempo padr\u00e3o estabelecido pela Ag\u00eancia Nacional de Sa\u00fade (ANS).<\/p>\n\t\t<\/div>\n\t\t\t<\/div>\n\n\t\n\n\t<div id=\"col-2091434261\" class=\"col hide-for-small medium-6 small-12 large-6\"  >\n\t\t<div class=\"col-inner\"  >\n\t\t\t\n\t\t\t\n\t<div class=\"img has-hover x md-x lg-x y md-y lg-y\" id=\"image_2025004200\">\n\t\t\t\t\t\t\t\t<div class=\"img-inner image-cover dark\" style=\"padding-top:269px;\">\n\t\t\t<img loading=\"lazy\" decoding=\"async\" width=\"720\" height=\"400\" src=\"https:\/\/todosplanosdesaude.com.br\/amil\/wp-content\/uploads\/2022\/04\/Rede-Credenciada.jpg\" class=\"attachment-large size-large\" alt=\"\" srcset=\"https:\/\/todosplanosdesaude.com.br\/amil\/wp-content\/uploads\/2022\/04\/Rede-Credenciada.jpg 720w, https:\/\/todosplanosdesaude.com.br\/amil\/wp-content\/uploads\/2022\/04\/Rede-Credenciada-300x167.jpg 300w\" sizes=\"auto, (max-width: 720px) 100vw, 720px\" \/>\t\t\t\t\t\t\n\t\t\t\t\t<\/div>\n\t\t\t\t\t\t\t\t\n<style>\n#image_2025004200 {\n  width: 100%;\n}\n<\/style>\n\t<\/div>\n\t\n\t\t<\/div>\n\t\t\t<\/div>\n\n\t\n<\/div>\n<div class=\"row align-middle\"  id=\"row-1807440756\">\n\n\t<div id=\"col-299992432\" class=\"col medium-6 small-12 large-6\"  >\n\t\t<div class=\"col-inner\"  >\n\t\t\t\n\t\t\t\n\t<div class=\"img has-hover x md-x lg-x y md-y lg-y\" id=\"image_2079614681\">\n\t\t\t\t\t\t\t\t<div class=\"img-inner dark\" >\n\t\t\t<img loading=\"lazy\" decoding=\"async\" width=\"720\" height=\"400\" src=\"https:\/\/todosplanosdesaude.com.br\/amil\/wp-content\/uploads\/2022\/04\/Rede-Credenciada-1.jpg\" class=\"attachment-large size-large\" alt=\"\" srcset=\"https:\/\/todosplanosdesaude.com.br\/amil\/wp-content\/uploads\/2022\/04\/Rede-Credenciada-1.jpg 720w, https:\/\/todosplanosdesaude.com.br\/amil\/wp-content\/uploads\/2022\/04\/Rede-Credenciada-1-300x167.jpg 300w\" sizes=\"auto, (max-width: 720px) 100vw, 720px\" \/>\t\t\t\t\t\t\n\t\t\t\t\t<\/div>\n\t\t\t\t\t\t\t\t\n<style>\n#image_2079614681 {\n  width: 100%;\n}\n<\/style>\n\t<\/div>\n\t\n\t\t<\/div>\n\t\t\t<\/div>\n\n\t\n\n\t<div id=\"col-1786067783\" class=\"col medium-6 small-12 large-6\"  >\n\t\t<div class=\"col-inner\"  >\n\t\t\t\n\t\t\t\n<div class=\"container section-title-container\" ><h3 class=\"section-title section-title-normal\"><b><\/b><span class=\"section-title-main\" >REDE CREDENCIADA<\/span><b><\/b><\/h3><\/div>\n<p>Com uma extensa rede que engloba mais de 1700 hospitais e mais de 6000 laborat\u00f3rios em todo o territ\u00f3rio nacional, a Amil se destaca como uma das principais escolhas de contrata\u00e7\u00e3o do mercado.<\/p>\n<p>Sua rede credenciada, com cobertura nacional, \u00e9 formada por profissionais altamente qualificados.<\/p>\n<p>O processo de referenciamento \u00e9 minucioso, visando a excel\u00eancia em qualidade e uma gest\u00e3o constante do desempenho da rede.<\/p>\n\t\t<\/div>\n\t\t\t<\/div>\n\n\t\n<\/div>\n\t\t<\/div>\n\n\t\t\n<style>\n#section_82511086 {\n  padding-top: 30px;\n  padding-bottom: 30px;\n}\n<\/style>\n\t<\/section>\n\t\n","protected":false},"excerpt":{"rendered":"","protected":false},"author":1,"featured_media":0,"parent":0,"menu_order":0,"comment_status":"closed","ping_status":"closed","template":"page-blank.php","meta":{"footnotes":""},"class_list":["post-206","page","type-page","status-publish","hentry"],"yoast_head":"<!-- This site is optimized with the Yoast SEO plugin v25.3.1 - https:\/\/yoast.com\/wordpress\/plugins\/seo\/ -->\n<title>Plano de Sa\u00fade Empresarial - Plano de Sa\u00fade Amil<\/title>\n<meta name=\"description\" content=\"Saiba tudo sobre o Plano de sa\u00fade Amil. Rede Credenciada, Tabela de Valores e Diferenciais. Ligue (11) 2068-3516\" \/>\n<meta name=\"robots\" content=\"index, follow, max-snippet:-1, max-image-preview:large, max-video-preview:-1\" \/>\n<link rel=\"canonical\" href=\"https:\/\/todosplanosdesaude.com.br\/amil\/plano-de-saude-empresarial\/\" \/>\n<meta property=\"og:locale\" content=\"en_US\" \/>\n<meta property=\"og:type\" content=\"article\" \/>\n<meta property=\"og:title\" content=\"Plano de Sa\u00fade Empresarial - Plano de Sa\u00fade Amil\" \/>\n<meta property=\"og:description\" content=\"Saiba tudo sobre o Plano de sa\u00fade Amil. Rede Credenciada, Tabela de Valores e Diferenciais. Ligue (11) 2068-3516\" \/>\n<meta property=\"og:url\" content=\"https:\/\/todosplanosdesaude.com.br\/amil\/plano-de-saude-empresarial\/\" \/>\n<meta property=\"og:site_name\" content=\"Plano de Sa\u00fade Amil\" \/>\n<meta property=\"article:modified_time\" content=\"2024-05-01T19:43:58+00:00\" \/>\n<meta name=\"twitter:card\" content=\"summary_large_image\" \/>\n<meta name=\"twitter:label1\" content=\"Est. reading time\" \/>\n\t<meta name=\"twitter:data1\" content=\"2 minutes\" \/>\n<script type=\"application\/ld+json\" class=\"yoast-schema-graph\">{\"@context\":\"https:\/\/schema.org\",\"@graph\":[{\"@type\":\"WebPage\",\"@id\":\"https:\/\/todosplanosdesaude.com.br\/amil\/plano-de-saude-empresarial\/\",\"url\":\"https:\/\/todosplanosdesaude.com.br\/amil\/plano-de-saude-empresarial\/\",\"name\":\"Plano de Sa\u00fade Empresarial - Plano de Sa\u00fade Amil\",\"isPartOf\":{\"@id\":\"\/#website\"},\"datePublished\":\"2021-02-17T22:54:14+00:00\",\"dateModified\":\"2024-05-01T19:43:58+00:00\",\"description\":\"Saiba tudo sobre o Plano de sa\u00fade Amil. Rede Credenciada, Tabela de Valores e Diferenciais. Ligue (11) 2068-3516\",\"breadcrumb\":{\"@id\":\"https:\/\/todosplanosdesaude.com.br\/amil\/plano-de-saude-empresarial\/#breadcrumb\"},\"inLanguage\":\"en-US\",\"potentialAction\":[{\"@type\":\"ReadAction\",\"target\":[\"https:\/\/todosplanosdesaude.com.br\/amil\/plano-de-saude-empresarial\/\"]}]},{\"@type\":\"BreadcrumbList\",\"@id\":\"https:\/\/todosplanosdesaude.com.br\/amil\/plano-de-saude-empresarial\/#breadcrumb\",\"itemListElement\":[{\"@type\":\"ListItem\",\"position\":1,\"name\":\"Home\",\"item\":\"https:\/\/todosplanosdesaude.com.br\/amil\/\"},{\"@type\":\"ListItem\",\"position\":2,\"name\":\"Plano de Sa\u00fade Empresarial\"}]},{\"@type\":\"WebSite\",\"@id\":\"\/#website\",\"url\":\"\/\",\"name\":\"Plano de Sa\u00fade Amil\",\"description\":\"\",\"potentialAction\":[{\"@type\":\"SearchAction\",\"target\":{\"@type\":\"EntryPoint\",\"urlTemplate\":\"\/?s={search_term_string}\"},\"query-input\":{\"@type\":\"PropertyValueSpecification\",\"valueRequired\":true,\"valueName\":\"search_term_string\"}}],\"inLanguage\":\"en-US\"}]}<\/script>\n<!-- \/ Yoast SEO plugin. -->","yoast_head_json":{"title":"Plano de Sa\u00fade Empresarial - Plano de Sa\u00fade Amil","description":"Saiba tudo sobre o Plano de sa\u00fade Amil. Rede Credenciada, Tabela de Valores e Diferenciais. Ligue (11) 2068-3516","robots":{"index":"index","follow":"follow","max-snippet":"max-snippet:-1","max-image-preview":"max-image-preview:large","max-video-preview":"max-video-preview:-1"},"canonical":"https:\/\/todosplanosdesaude.com.br\/amil\/plano-de-saude-empresarial\/","og_locale":"en_US","og_type":"article","og_title":"Plano de Sa\u00fade Empresarial - Plano de Sa\u00fade Amil","og_description":"Saiba tudo sobre o Plano de sa\u00fade Amil. Rede Credenciada, Tabela de Valores e Diferenciais. Ligue (11) 2068-3516","og_url":"https:\/\/todosplanosdesaude.com.br\/amil\/plano-de-saude-empresarial\/","og_site_name":"Plano de Sa\u00fade Amil","article_modified_time":"2024-05-01T19:43:58+00:00","twitter_card":"summary_large_image","twitter_misc":{"Est. reading time":"2 minutes"},"schema":{"@context":"https:\/\/schema.org","@graph":[{"@type":"WebPage","@id":"https:\/\/todosplanosdesaude.com.br\/amil\/plano-de-saude-empresarial\/","url":"https:\/\/todosplanosdesaude.com.br\/amil\/plano-de-saude-empresarial\/","name":"Plano de Sa\u00fade Empresarial - Plano de Sa\u00fade Amil","isPartOf":{"@id":"\/#website"},"datePublished":"2021-02-17T22:54:14+00:00","dateModified":"2024-05-01T19:43:58+00:00","description":"Saiba tudo sobre o Plano de sa\u00fade Amil. Rede Credenciada, Tabela de Valores e Diferenciais. Ligue (11) 2068-3516","breadcrumb":{"@id":"https:\/\/todosplanosdesaude.com.br\/amil\/plano-de-saude-empresarial\/#breadcrumb"},"inLanguage":"en-US","potentialAction":[{"@type":"ReadAction","target":["https:\/\/todosplanosdesaude.com.br\/amil\/plano-de-saude-empresarial\/"]}]},{"@type":"BreadcrumbList","@id":"https:\/\/todosplanosdesaude.com.br\/amil\/plano-de-saude-empresarial\/#breadcrumb","itemListElement":[{"@type":"ListItem","position":1,"name":"Home","item":"https:\/\/todosplanosdesaude.com.br\/amil\/"},{"@type":"ListItem","position":2,"name":"Plano de Sa\u00fade Empresarial"}]},{"@type":"WebSite","@id":"\/#website","url":"\/","name":"Plano de Sa\u00fade Amil","description":"","potentialAction":[{"@type":"SearchAction","target":{"@type":"EntryPoint","urlTemplate":"\/?s={search_term_string}"},"query-input":{"@type":"PropertyValueSpecification","valueRequired":true,"valueName":"search_term_string"}}],"inLanguage":"en-US"}]}},"_links":{"self":[{"href":"https:\/\/todosplanosdesaude.com.br\/amil\/wp-json\/wp\/v2\/pages\/206","targetHints":{"allow":["GET"]}}],"collection":[{"href":"https:\/\/todosplanosdesaude.com.br\/amil\/wp-json\/wp\/v2\/pages"}],"about":[{"href":"https:\/\/todosplanosdesaude.com.br\/amil\/wp-json\/wp\/v2\/types\/page"}],"author":[{"embeddable":true,"href":"https:\/\/todosplanosdesaude.com.br\/amil\/wp-json\/wp\/v2\/users\/1"}],"replies":[{"embeddable":true,"href":"https:\/\/todosplanosdesaude.com.br\/amil\/wp-json\/wp\/v2\/comments?post=206"}],"version-history":[{"count":0,"href":"https:\/\/todosplanosdesaude.com.br\/amil\/wp-json\/wp\/v2\/pages\/206\/revisions"}],"wp:attachment":[{"href":"https:\/\/todosplanosdesaude.com.br\/amil\/wp-json\/wp\/v2\/media?parent=206"}],"curies":[{"name":"wp","href":"https:\/\/api.w.org\/{rel}","templated":true}]}}